{"id":318,"date":"2017-06-17T13:47:55","date_gmt":"2017-06-17T16:47:55","guid":{"rendered":"http:\/\/politeiaudesa.org\/?page_id=318"},"modified":"2017-06-17T13:50:31","modified_gmt":"2017-06-17T16:50:31","slug":"consejo-de-seguridad-2016-2-3-2-2-2-2","status":"publish","type":"page","link":"https:\/\/politeiaudesa.org\/en\/pensarg\/2015\/expositores","title":{"rendered":"Pensando la Argentina 2015 &#8211; Expositores"},"content":{"rendered":"<div data-elementor-type=\"wp-post\" data-elementor-id=\"318\" class=\"elementor elementor-318 elementor-bc-flex-widget\">\n\t\t\t\t\t\t<section class=\"elementor-section elementor-top-section elementor-element elementor-element-mrcntyi elementor-section-boxed elementor-section-height-default elementor-section-height-default\" data-id=\"mrcntyi\" data-element_type=\"section\" data-e-type=\"section\">\n\t\t\t\t\t\t<div class=\"elementor-container elementor-column-gap-default\">\n\t\t\t\t\t<div class=\"elementor-column elementor-col-100 elementor-top-column elementor-element elementor-element-megsngu\" data-id=\"megsngu\" data-element_type=\"column\" data-e-type=\"column\">\n\t\t\t<div class=\"elementor-widget-wrap elementor-element-populated\">\n\t\t\t\t\t\t<div class=\"elementor-element elementor-element-cpzi11k elementor-alert-danger elementor-widget elementor-widget-alert\" data-id=\"cpzi11k\" data-element_type=\"widget\" data-e-type=\"widget\" data-widget_type=\"alert.default\">\n\t\t\t\t<div class=\"elementor-widget-container\">\n\t\t\t\t\t\t\t<div class=\"elementor-alert\" role=\"alert\">\n\n\t\t\t\t\t\t<span class=\"elementor-alert-title\">ADVERTENCIA<\/span>\n\t\t\t\n\t\t\t\t\t\t<span class=\"elementor-alert-description\">Esta p\u00e1gina contiene informaci\u00f3n desactualizada que se refiere a un evento que ya ha terminado. Decidimos conservarla para preservar nuestra historia.<\/span>\n\t\t\t\n\t\t\t\n\t\t<\/div>\n\t\t\t\t\t\t<\/div>\n\t\t\t\t<\/div>\n\t\t\t\t<div class=\"elementor-element elementor-element-pyscbjp elementor-widget elementor-widget-text-editor\" data-id=\"pyscbjp\" data-element_type=\"widget\" data-e-type=\"widget\" data-widget_type=\"text-editor.default\">\n\t\t\t\t<div class=\"elementor-widget-container\">\n\t\t\t\t\t\t\t\t\t<div class=\"rightcol-grado\"><div class=\"centercol-grado\"><p><strong>\u00bfQu\u00e9 tem\u00e1ticas se abordar\u00e1n en las charlas? \u00bfQui\u00e9nes estar\u00e1n a cargo de ellas?<\/strong><\/p><p><strong>Carlos Gervasoni<\/strong><\/p><p><strong><img decoding=\"async\" data-recalc-dims=\"1\" src=\"https:\/\/i0.wp.com\/live.v1.udesa.edu.ar\/files\/politeia\/Gervasoni.jpg?resize=200%2C156\" width=\"200\" height=\"156\" \/><\/strong><\/p><p>Politeia tiene el inmenso placer de contar este a\u00f1o con la presencia de Carlos Gervasoni en &#8220;Pensando la Argentina hacia adentro y hacia afuera&#8221;. Carlos nos estar\u00e1 brindando sus perspectivas sobre el panorama pol\u00edtico que enfrentamos en este 2015, a\u00f1o de elecciones presidenciales en la Argentina.<\/p><p>Es Doctor en Ciencia Pol\u00edtica por la Universidad de Notre Dame. Adem\u00e1s posee dos Master, en Ciencia Pol\u00edtica y en Estudios Latinoamericanos, ambos por la Universidad de Stanford. Se especializa en estudios sobre la democracia, pol\u00edtica provincial, opini\u00f3n p\u00fablica y metodolog\u00eda de la investigaci\u00f3n social.<\/p><p>Actualmente es profesor de la Universidad Torcuato Di Tella, pero tambi\u00e9n ha sido profesor en las universidades Cat\u00f3lica Argentina, del CEMA, de San Mart\u00edn y de San Andr\u00e9s, y profesor invitado en las universidades de Brasilia, de la Rep\u00fablica (Uruguay), ORT (Uruguay) y de Texas at Austin.<\/p><p><strong>Daniel Heymann<\/strong><\/p><p><img decoding=\"async\" data-recalc-dims=\"1\" src=\"https:\/\/i0.wp.com\/live.v1.udesa.edu.ar\/files\/politeia\/Heymann.jpg?resize=200%2C134\" width=\"200\" height=\"134\" \/>Politeia se enorgullece en contar con la presencia de Daniel Heymann en la conferencia de este a\u00f1o. Junto con Gerardo Della Paolera, nos va a estar brindando su mirada de la macroeconom\u00eda argentina, con una mirada hacia el pasado y el futuro.<\/p><p>Daniel es\u00a0Licenciado en Econom\u00eda y en Ciencias F\u00edsicas por la Universidad de Buenos Aires y Ph.D. en Econom\u00eda por la Universidad de California. Ocup\u00f3 los cargos de Coordinador del \u00e1rea de\u00a0An\u00e1lisis Macroecon\u00f3mico en la Oficina de CEPAL en Buenos Aires y\u00a0Presidente de la Asociaci\u00f3n Argentina de Econom\u00eda\u00a0Pol\u00edtica (AAEP).\u00a0Actualmente es profesor titular de\u00a0Econom\u00eda en la Universidad de Buenos Aires, \u00a0la Universidad Nacional de La Plata y la\u00a0Universidad de San Andr\u00e9s.<strong><br \/><\/strong><\/p><p>Su \u00e1rea primordial de estudio es la macroeconom\u00eda y la pol\u00edtica econ\u00f3mica. Ha escrito numerosos art\u00edculos, cap\u00edtulos y libros sobre la macroeconom\u00eda argentina, el an\u00e1lisis macroecon\u00f3mico en general, el desarrollo econ\u00f3mico, entre otros.<\/p><p><strong>Gerardo Della Paolera<\/strong><\/p><p><img decoding=\"async\" data-recalc-dims=\"1\" src=\"https:\/\/i0.wp.com\/live.v1.udesa.edu.ar\/files\/politeia\/Della_Paolera.jpg?resize=200%2C146\" width=\"200\" height=\"146\" \/>Este a\u00f1o, y por primera vez, Politeia se da el lujo de contar con la presencia de Gerardo Della Paolera en nuestra conferencia. Junto con Daniel Heymann, nos va a estar brindando su mirada de la macroeconom\u00eda argentina, con una mirada hacia el pasado y el futuro.<\/p><p>Gerardo es\u00a0Licenciado en Econom\u00eda \u00a0por la Universidad Cat\u00f3lica Argentina y Ph.D. M.A. en Econom\u00eda, ambas por la Universidad de Chicago. Fue presidente de la Global Development Network y profesor en las universidades Central Europea (CEU), de Par\u00eds (PSE), Americana de Par\u00eds (AUP) y Torcuato di Tella (UTDT).\u00a0Actualmente es profesor titular de\u00a0Econom\u00eda en la\u00a0Universidad de San Andr\u00e9s.<\/p><p>Es reconocido mundialmente como experto en historia econ\u00f3mica latinoamericana y argentina. Ha escrito m\u00faltiples art\u00edculos y libros sobre la historia econ\u00f3mica del pa\u00eds y la regi\u00f3n, con un especial \u00e9nfasis en la macroeconom\u00eda y la pol\u00edtica econ\u00f3mica<\/p><p><strong>Khatchik DerGhougassian<\/strong><\/p><p><strong><img loading=\"lazy\" decoding=\"async\" data-recalc-dims=\"1\" src=\"https:\/\/i0.wp.com\/live.v1.udesa.edu.ar\/files\/politeia\/Khatchik-2014.jpg?resize=200%2C170\" width=\"200\" height=\"170\" \/><\/strong><\/p><p>En la edici\u00f3n 2015 tenemos el privilegio de volver a contar con la presencia de Khatchik. Luego de su charla sobre el regreso de la autodeterminaci\u00f3n a la agenda internacional en la edici\u00f3n 2014, el profesor DerGhougassian regresa para hablar sobre el regreso de la religi\u00f3n a la agenda internacional.<\/p><p>Posee un doctorado (Ph.D) en Estudios Internacionales de University of Miami y una Maestr\u00eda en Ciencias Sociales con especializaci\u00f3n en Relaciones Internacionales de FLACSO\/Argentina. Actualmente es profesor de tiempo completo del departamento de ciencias sociales de la Universidad de San Andr\u00e9s (UdeSA) y profesor visitante de la Universidad Americana en Armenia.<\/p><p>Su \u00e1rea de estudio involucra a la historia de las relaciones internacionales, diversos asuntos de la seguridad internacional, los estudios del mundo \u00e1rabe y las teor\u00edas de las relaciones internacionales, entre otros.<\/p><p><strong>Lorena Moscovich<\/strong><\/p><p><img loading=\"lazy\" decoding=\"async\" data-recalc-dims=\"1\" src=\"https:\/\/i0.wp.com\/live.v1.udesa.edu.ar\/files\/politeia\/Lorena-Moscovich2.jpg?resize=200%2C125\" width=\"200\" height=\"125\" \/><\/p><p>Lorena Moscovich es una de las nuevas caras que Politeia se enorgullece en presentar en esta edici\u00f3n 2015. Lorena nos va a estar acercando sus opiniones y reflexiones sobre el legado de la gesti\u00f3n kirchnerista de la presidencia del p\u00e1is.\u00a0<\/p><p>Es licenciada en Ciencia Pol\u00edtica, Magister en Investigaci\u00f3n en Ciencias Sociales y Doctora en Ciencias Sociales, todas por la Universidad de Buenos Aires, donde ha sido docente. Actualmente es docente en la Universidad de San Andr\u00e9s.<\/p><p>Su \u00e1rea de estudio se centra en los estudios sobre din\u00e1micas del \u00a0federalismo (inclu\u00eddas las transferencias nacionales &#8211; sub-nacionales, las coaliciones, el gasto federal y las protestas), aplicadas al sistema pol\u00edtico argentino y a pa\u00edses latinoamericanos.<\/p><p><strong>Marcelo Leiras<\/strong><\/p><p><strong><img loading=\"lazy\" decoding=\"async\" data-recalc-dims=\"1\" src=\"https:\/\/i0.wp.com\/www.udesa.edu.ar\/files\/politeia\/Leiras.jpg?resize=200%2C179\" width=\"200\" height=\"179\" \/><\/strong><\/p><p>Al igual que ocurre con Khatchik, en esta edici\u00f3n tenemos el privilegio de volver a contar con la presencia de Marcelo en nuestra edici\u00f3n 2015. \u00a0En esta ocasi\u00f3n, nos va a estar brindando sus opiniones sobre el legado de la gesti\u00f3n kirchnerista.<\/p><p>Posee un Doctorado en Ciencias Pol\u00edticas, con especializaci\u00f3n en Pol\u00edtica Comparada y Teor\u00eda Pol\u00edtica por la Universidad de Notre Dame. Previamente ha cursado una Licenciatura en Sociolog\u00eda por la Universidad de Buenos Aires. Actualmente es director de la Maestr\u00eda en Administraci\u00f3n y Pol\u00edticas P\u00fablicas y del Departamento de Ciencias Sociales de la Universidad de San Andr\u00e9s. Adem\u00e1s es profesor de diversas c\u00e1tedras de grado y posgrado en dicha universidad.<\/p><p>Como su especializaci\u00f3n lo dice, su \u00e1rea de investigaci\u00f3n son principalmente la pol\u00edtica comparada y la teor\u00eda pol\u00edtica. Tambi\u00e9n ha investigado sobre las din\u00e1micas del sistema pol\u00edtico argentino: ha publicado diversos art\u00edculos sobre la econom\u00eda, los procesos de acceso a las posiciones de poder, los procesos de negociaci\u00f3n, la implementaci\u00f3n de pol\u00edticas p\u00fablicas, el federalismo, entre otros temas del sistema pol\u00edtico argentino.<\/p><p><strong>Ricardo Lagorio<\/strong><\/p><p><img loading=\"lazy\" decoding=\"async\" data-recalc-dims=\"1\" src=\"https:\/\/i0.wp.com\/www.udesa.edu.ar\/files\/politeia\/Ricardo-Lagorio.jpg?resize=200%2C125\" width=\"200\" height=\"125\" \/><\/p><p>Este a\u00f1o, y por primera vez, contamos con la presencia de Ricardo Lagorio, distinguido diplom\u00e1tico de carrera. Ricardo nos estar\u00e1 dando sus perspectivas respecto de la labor del ISEN, la formaci\u00f3n de diplom\u00e1ticos en el pa\u00eds y la labor del ministerio de relaciones exteriores, en su objetivo de representar los intereses del pa\u00eds en el exterior.<\/p><p>Posee una Licenciatura y Maestr\u00eda en Ciencias Pol\u00edticas con especializaci\u00f3n en Relaciones Internacionales, ambas por la Universidad Cat\u00f3lica Argentina (UCA), adem\u00e1s de ser\u00a0PH.D Candidate en Ciencias Pol\u00edticas por City University of New York.<\/p><p>Estuvo destinado en la Embajada de la Republica Argentina ante los Estados Unidos y ante la ONU. Fue Subjefe de Gabinete del Ministro de Relaciones Exteriores. Se desempe\u00f1\u00f3 como Subsecretario de Pol\u00edtica y Estrategia del Ministerio de Defensa. Tambi\u00e9n fue Asesor en Pol\u00edtica Exterior del Vicepresidente de la Naci\u00f3n Daniel Scioli. \u00a0Actualmente es Profesor Universitario en la UCA y en la UBA.<\/p><p><strong>\u00bfQu\u00e9 tem\u00e1ticas se tratar\u00e1n en los workshops?<\/strong><\/p><p><strong>Derechos humanos y pol\u00edtica exterior en Am\u00e9rica Latina<\/strong><\/p><p>El workshop discutir\u00e1 las principales explicaciones, motivaciones y problem\u00e1ticas de la inclusi\u00f3n de los derechos humanos en la pol\u00edtica exterior, con especial \u00e9nfasis en la regi\u00f3n latinoamericana. Se analizar\u00e1 el caso de Brasil como potencia emergente en Am\u00e9rica Latina y su perfil defensor y promotor de los derechos humanos.<\/p><p>El workshop estar\u00e1 a cargo de Gino Pauselli. Gino es licenciado en Relaciones Internacionales por la Universidad de San Andr\u00e9s y realiza la maestr\u00eda en Estudios Internacionales en la Universidad Torcuato Di Tella. Actualmente es asistente de docencia e investigaci\u00f3n en UdeSA y asistente acad\u00e9mico en el Consejo Argentino para las Relaciones Internacionales. Sus intereses de investigaci\u00f3n son los derechos humanos en las relaciones internacionales, cooperaci\u00f3n internacional al desarrollo y pol\u00edtica exterior latinoamericana.<\/p><p><strong>La Uni\u00f3n Europea y su evoluci\u00f3n.<\/strong><\/p><p>El taller se propone abordar los principales temas de actualidad de la Uni\u00f3n Europea, entre ellos el debate Ampliaci\u00f3n-Profundizaci\u00f3n, la Toma de Decisiones, la Cooperaci\u00f3n para el Desarrollo y Acci\u00f3n Externa, el conflicto Instituciones-Ciudadan\u00eda, y Seguridad y Defensa Com\u00fan. Se trabajar\u00e1 en base a su evoluci\u00f3n hist\u00f3rica (con especial \u00e9nfasis en los cambios de los \u00faltimos lustros) y ante los actuales desaf\u00edos que los escenarios internacional y regional plantean; con el fin de encontrar claves interpretativas sobre el presente y futuro cercano de la Uni\u00f3n Europea.<\/p><p>Este workshop estar\u00e1 a cargo de Tom\u00e1s Listrani Blanco. Tom\u00e1s es estudiante de Relaciones Internacionales en la Universidad Torcuato Di Tella y de Historia en el ISP Joaqu\u00edn V. Gonz\u00e1lez. Ha escrito art\u00edculos y presentaciones sobre Estudios Europeos, Pol\u00edtica Comparada e Institucionalismo Hist\u00f3rico. Entre sus \u00e1reas de inter\u00e9s tambi\u00e9n se encuentran la Econom\u00eda Pol\u00edtica Regional y Global, los Estudios de Pol\u00edtica Exterior, Teor\u00eda de Relaciones Internacionales y Estudios Africanos y Asi\u00e1ticos. Recientemente fue becario ante la Uni\u00f3n Europea para el Seminario Avanzado &#8220;<i>Actores, Instituciones y Toma de Decisiones en la actualidad en la UE<\/i>&#8220;<\/p><p><strong>Una mirada a la pol\u00edtica educativa desde el programa Conectar Igualdad.<\/strong><\/p><p>El prop\u00f3sito de este taller es debatir y reflexionar sobre la pol\u00edtica educativa mediante el estudio de un caso espec\u00edfico: el programa de Conectar Igualdad. Intentaremos identificar el entorno macro pol\u00edtico en el cual el programa se encuentra inserto, as\u00ed como tambi\u00e9n haremos una aproximaci\u00f3n a la implementaci\u00f3n del plan mediante un enfoque pedag\u00f3gico. El objetivo es propiciar el di\u00e1logo y la reflexi\u00f3n entre los participantes. Adem\u00e1s, el taller busca aportar ciertos conceptos y consideraciones que son fundamentales a la hora de entender la pol\u00edtica educativa, en especial la del programa de conectar igualdad.\u00a0<\/p><p>Este workshop estar\u00e1 a cargo de Florencia Ricci. Actualmente, estudia su \u00faltimo a\u00f1o de Ciencias de la Educaci\u00f3n en la Universidad de San Andr\u00e9s. Dedica su tiempo a pensar la educaci\u00f3n, por eso, colabora en la planificaci\u00f3n y la gesti\u00f3n de un taller de pr\u00e1cticas del lenguaje en un centro de apoyo escolar. Coordina el \u00e1rea de aprendizaje solidario en Compromiso Joven y participa en el grupo de Formaci\u00f3n Docente para escuelas Rurales de MINKAI. Es apasionada de la did\u00e1ctica y cree en la producci\u00f3n del conocimiento en conjunto entre el docente y el alumno.<\/p><p><strong>\u00bfC\u00f3mo se responde a una campa\u00f1a terrorista? El caso de Israel en perspectiva hist\u00f3rica.<\/strong><\/p><p>En este workshop nos proponemos debatir cu\u00e1l es debe ser la respuesta de un Estado a una campa\u00f1a terrorista. Para ello veremos diversos casos hist\u00f3ricos, centr\u00e1ndonos en la actual pol\u00edtica israel\u00ed en contra de la campa\u00f1a ejecutada por diversas organizaciones terroristas.<strong><br \/><\/strong><\/p><p>Este workshop va a estar a cargo de Mart\u00edn Dieguez. Martin es un estudiante de relaciones internacionales en la Universidad de San Andr\u00e9s que actualmente cursa el \u00faltimo a\u00f1o de su carrera. Su \u00e1rea de inter\u00e9s es la seguridad internacional. Su tesis tratar\u00e1 sobre la pol\u00edtica de defensa y seguridad de la Argentina.<\/p><p><strong>A cien a\u00f1os del genocidio armenio: el genocidio en perspectiva hist\u00f3rica.<\/strong><\/p><p>En este workshop se buscar\u00e1 debatir, a partir de una conceptualizaci\u00f3n tentativa, las din\u00e1micas dom\u00e9sticas e internacionales derivadas del genocidio. A partir de eventos hist\u00f3ricos, se discutir\u00e1 cu\u00e1l es el lugar de las instituciones internacionales en algunos de los casos definidos como genocidios.\u00a0<br \/>El workshop estar\u00e1 a cargo de Tania Macri Badessich y Giuliana Migale Rocco, estudiantes del \u00faltimo a\u00f1o de Relaciones Internacionales en la Universidad de San Andr\u00e9s.<\/p><\/div><div class=\"rightcol-grado\">\u00a0<\/div><\/div>\t\t\t\t\t\t\t\t<\/div>\n\t\t\t\t<\/div>\n\t\t\t\t<div class=\"elementor-element elementor-element-t5dvydw elementor-alert-danger elementor-widget elementor-widget-alert\" data-id=\"t5dvydw\" data-element_type=\"widget\" data-e-type=\"widget\" data-widget_type=\"alert.default\">\n\t\t\t\t<div class=\"elementor-widget-container\">\n\t\t\t\t\t\t\t<div class=\"elementor-alert\" role=\"alert\">\n\n\t\t\t\t\t\t<span class=\"elementor-alert-title\">ADVERTENCIA<\/span>\n\t\t\t\n\t\t\t\t\t\t<span class=\"elementor-alert-description\">Esta p\u00e1gina contiene informaci\u00f3n desactualizada que se refiere a un evento que ya ha terminado. Decidimos conservarla para preservar nuestra historia.<\/span>\n\t\t\t\n\t\t\t\n\t\t<\/div>\n\t\t\t\t\t\t<\/div>\n\t\t\t\t<\/div>\n\t\t\t\t\t<\/div>\n\t\t<\/div>\n\t\t\t\t\t<\/div>\n\t\t<\/section>\n\t\t\t\t<\/div>","protected":false},"excerpt":{"rendered":"<p>ADVERTENCIAEsta p\u00e1gina contiene informaci\u00f3n desactualizada que se refiere a un evento que ya ha terminado. Decidimos conservarla para preservar nuestra historia. \u00bfQu\u00e9 tem\u00e1ticas se abordar\u00e1n en las charlas? \u00bfQui\u00e9nes estar\u00e1n a cargo de ellas? Carlos Gervasoni Politeia tiene el inmenso placer de contar este a\u00f1o con la presencia de Carlos Gervasoni en &#8220;Pensando la Argentina&hellip; <br \/> <a class=\"button small blue\" href=\"https:\/\/politeiaudesa.org\/en\/pensarg\/2015\/expositores\">Read more<\/a><\/p>","protected":false},"author":1,"featured_media":0,"parent":0,"menu_order":0,"comment_status":"closed","ping_status":"closed","template":"","meta":{"footnotes":""},"class_list":["post-318","page","type-page","status-publish","hentry"],"jetpack_sharing_enabled":true,"_links":{"self":[{"href":"https:\/\/politeiaudesa.org\/en\/wp-json\/wp\/v2\/pages\/318","targetHints":{"allow":["GET"]}}],"collection":[{"href":"https:\/\/politeiaudesa.org\/en\/wp-json\/wp\/v2\/pages"}],"about":[{"href":"https:\/\/politeiaudesa.org\/en\/wp-json\/wp\/v2\/types\/page"}],"author":[{"embeddable":true,"href":"https:\/\/politeiaudesa.org\/en\/wp-json\/wp\/v2\/users\/1"}],"replies":[{"embeddable":true,"href":"https:\/\/politeiaudesa.org\/en\/wp-json\/wp\/v2\/comments?post=318"}],"version-history":[{"count":2,"href":"https:\/\/politeiaudesa.org\/en\/wp-json\/wp\/v2\/pages\/318\/revisions"}],"predecessor-version":[{"id":320,"href":"https:\/\/politeiaudesa.org\/en\/wp-json\/wp\/v2\/pages\/318\/revisions\/320"}],"wp:attachment":[{"href":"https:\/\/politeiaudesa.org\/en\/wp-json\/wp\/v2\/media?parent=318"}],"curies":[{"name":"wp","href":"https:\/\/api.w.org\/{rel}","templated":true}]}}